{"id":21909,"date":"2026-02-13T13:28:15","date_gmt":"2026-02-13T13:28:15","guid":{"rendered":"https:\/\/lindasosafoundation.org\/?page_id=21909"},"modified":"2026-02-13T13:51:26","modified_gmt":"2026-02-13T13:51:26","slug":"nuestra-historia","status":"publish","type":"page","link":"https:\/\/lindasosafoundation.org\/en\/nuestra-historia\/","title":{"rendered":"Nuestra historia"},"content":{"rendered":"<div data-elementor-type=\"wp-page\" data-elementor-id=\"21909\" class=\"elementor elementor-21909\" data-elementor-settings=\"{&quot;ha_cmc_init_switcher&quot;:&quot;no&quot;}\" data-elementor-post-type=\"page\">\n\t\t\t\t\t\t<section class=\"elementor-section elementor-top-section elementor-element elementor-element-c4f2c0c elementor-section-boxed elementor-section-height-default elementor-section-height-default\" data-id=\"c4f2c0c\" data-element_type=\"section\" data-e-type=\"section\" data-settings=\"{&quot;_ha_eqh_enable&quot;:false}\">\n\t\t\t\t\t\t<div class=\"elementor-container elementor-column-gap-default\">\n\t\t\t\t\t<div class=\"elementor-column elementor-col-100 elementor-top-column elementor-element elementor-element-c5756c9\" data-id=\"c5756c9\" data-element_type=\"column\" data-e-type=\"column\">\n\t\t\t<div class=\"elementor-widget-wrap elementor-element-populated\">\n\t\t\t\t\t\t<div class=\"elementor-element elementor-element-bcb4e55 elementor-widget elementor-widget-heading\" data-id=\"bcb4e55\" data-element_type=\"widget\" data-e-type=\"widget\" data-widget_type=\"heading.default\">\n\t\t\t\t<div class=\"elementor-widget-container\">\n\t\t\t\t\t<h2 class=\"elementor-heading-title elementor-size-default\">Linda Sosa: Liderazgo, Vocaci\u00f3n y Compromiso con la Educaci\u00f3n<\/h2>\t\t\t\t<\/div>\n\t\t\t\t<\/div>\n\t\t\t\t\t<\/div>\n\t\t<\/div>\n\t\t\t\t\t<\/div>\n\t\t<\/section>\n\t\t\t\t<section class=\"elementor-section elementor-top-section elementor-element elementor-element-2bb1cd7 elementor-section-boxed elementor-section-height-default elementor-section-height-default\" data-id=\"2bb1cd7\" data-element_type=\"section\" data-e-type=\"section\" data-settings=\"{&quot;_ha_eqh_enable&quot;:false}\">\n\t\t\t\t\t\t<div class=\"elementor-container elementor-column-gap-default\">\n\t\t\t\t\t<div class=\"elementor-column elementor-col-50 elementor-top-column elementor-element elementor-element-4535061\" data-id=\"4535061\" data-element_type=\"column\" data-e-type=\"column\">\n\t\t\t<div class=\"elementor-widget-wrap elementor-element-populated\">\n\t\t\t\t\t\t<div class=\"elementor-element elementor-element-64687e1 elementor-widget elementor-widget-text-editor\" data-id=\"64687e1\" data-element_type=\"widget\" data-e-type=\"widget\" data-widget_type=\"text-editor.default\">\n\t\t\t\t<div class=\"elementor-widget-container\">\n\t\t\t\t\t\t\t\t\t<p>Linda Sosa es una destacada l\u00edder comunitaria en Denver, reconocida por su vocaci\u00f3n de servicio y su compromiso inquebrantable con la educaci\u00f3n y el bienestar social. Originaria de M\u00e9xico, desde temprana edad demostr\u00f3 un profundo sentido de responsabilidad y solidaridad. Creci\u00f3 en una familia numerosa, donde asumi\u00f3 con amor el cuidado y apoyo de sus hermanas, una experiencia que marc\u00f3 su car\u00e1cter y fortaleci\u00f3 su deseo de servir a los dem\u00e1s sin esperar nada a cambio.<\/p>\t\t\t\t\t\t\t\t<\/div>\n\t\t\t\t<\/div>\n\t\t\t\t\t<\/div>\n\t\t<\/div>\n\t\t\t\t<div class=\"elementor-column elementor-col-50 elementor-top-column elementor-element elementor-element-6c09515\" data-id=\"6c09515\" data-element_type=\"column\" data-e-type=\"column\">\n\t\t\t<div class=\"elementor-widget-wrap elementor-element-populated\">\n\t\t\t\t\t\t<div class=\"elementor-element elementor-element-90fd77b elementor-widget elementor-widget-image\" data-id=\"90fd77b\" data-element_type=\"widget\" data-e-type=\"widget\" data-widget_type=\"image.default\">\n\t\t\t\t<div class=\"elementor-widget-container\">\n\t\t\t\t\t\t\t\t\t\t\t\t\t\t\t<img decoding=\"async\" src=\"https:\/\/lindasosafoundation.org\/wp-content\/plugins\/elementor\/assets\/images\/placeholder.png\" title=\"\" alt=\"\" loading=\"lazy\" \/>\t\t\t\t\t\t\t\t\t\t\t\t\t\t\t<\/div>\n\t\t\t\t<\/div>\n\t\t\t\t\t<\/div>\n\t\t<\/div>\n\t\t\t\t\t<\/div>\n\t\t<\/section>\n\t\t\t\t<section class=\"elementor-section elementor-top-section elementor-element elementor-element-ef39f5c elementor-section-boxed elementor-section-height-default elementor-section-height-default\" data-id=\"ef39f5c\" data-element_type=\"section\" data-e-type=\"section\" data-settings=\"{&quot;_ha_eqh_enable&quot;:false}\">\n\t\t\t\t\t\t<div class=\"elementor-container elementor-column-gap-default\">\n\t\t\t\t\t<div class=\"elementor-column elementor-col-50 elementor-top-column elementor-element elementor-element-9e18818\" data-id=\"9e18818\" data-element_type=\"column\" data-e-type=\"column\">\n\t\t\t<div class=\"elementor-widget-wrap elementor-element-populated\">\n\t\t\t\t\t\t<div class=\"elementor-element elementor-element-b5ddfe2 elementor-widget elementor-widget-image\" data-id=\"b5ddfe2\" data-element_type=\"widget\" data-e-type=\"widget\" data-widget_type=\"image.default\">\n\t\t\t\t<div class=\"elementor-widget-container\">\n\t\t\t\t\t\t\t\t\t\t\t\t\t\t\t<img decoding=\"async\" src=\"https:\/\/lindasosafoundation.org\/wp-content\/plugins\/elementor\/assets\/images\/placeholder.png\" title=\"\" alt=\"\" loading=\"lazy\" \/>\t\t\t\t\t\t\t\t\t\t\t\t\t\t\t<\/div>\n\t\t\t\t<\/div>\n\t\t\t\t\t<\/div>\n\t\t<\/div>\n\t\t\t\t<div class=\"elementor-column elementor-col-50 elementor-top-column elementor-element elementor-element-1cb5c12\" data-id=\"1cb5c12\" data-element_type=\"column\" data-e-type=\"column\">\n\t\t\t<div class=\"elementor-widget-wrap elementor-element-populated\">\n\t\t\t\t\t\t<div class=\"elementor-element elementor-element-1d231d2 elementor-widget elementor-widget-heading\" data-id=\"1d231d2\" data-element_type=\"widget\" data-e-type=\"widget\" data-widget_type=\"heading.default\">\n\t\t\t\t<div class=\"elementor-widget-container\">\n\t\t\t\t\t<h2 class=\"elementor-heading-title elementor-size-default\">El sue\u00f1o de una vida de servicio<\/h2>\t\t\t\t<\/div>\n\t\t\t\t<\/div>\n\t\t\t\t<div class=\"elementor-element elementor-element-7682649 elementor-widget elementor-widget-text-editor\" data-id=\"7682649\" data-element_type=\"widget\" data-e-type=\"widget\" data-widget_type=\"text-editor.default\">\n\t\t\t\t<div class=\"elementor-widget-container\">\n\t\t\t\t\t\t\t\t\t<p>Desde joven, Linda tuvo claro que su prop\u00f3sito de vida era ayudar a quienes m\u00e1s lo necesitaban, especialmente a ni\u00f1os y j\u00f3venes que enfrentan barreras para acceder a oportunidades educativas. A lo largo de los a\u00f1os, trabaj\u00f3 incansablemente para brindar apoyo all\u00ed donde hac\u00eda falta, convencida de que la educaci\u00f3n es la base para transformar vidas y comunidades. Todo este trabajo de liderazgo fue en conjunto con las iglesias, organizaciones sin fines de lucros, medios de comunicacion y organizacione gubernamentales<\/p>\t\t\t\t\t\t\t\t<\/div>\n\t\t\t\t<\/div>\n\t\t\t\t\t<\/div>\n\t\t<\/div>\n\t\t\t\t\t<\/div>\n\t\t<\/section>\n\t\t\t\t<section class=\"elementor-section elementor-top-section elementor-element elementor-element-579c6ee elementor-section-boxed elementor-section-height-default elementor-section-height-default\" data-id=\"579c6ee\" data-element_type=\"section\" data-e-type=\"section\" data-settings=\"{&quot;_ha_eqh_enable&quot;:false}\">\n\t\t\t\t\t\t<div class=\"elementor-container elementor-column-gap-default\">\n\t\t\t\t\t<div class=\"elementor-column elementor-col-100 elementor-top-column elementor-element elementor-element-55426d7\" data-id=\"55426d7\" data-element_type=\"column\" data-e-type=\"column\">\n\t\t\t<div class=\"elementor-widget-wrap elementor-element-populated\">\n\t\t\t\t\t\t<div class=\"elementor-element elementor-element-4de4dea elementor-widget elementor-widget-text-editor\" data-id=\"4de4dea\" data-element_type=\"widget\" data-e-type=\"widget\" data-widget_type=\"text-editor.default\">\n\t\t\t\t<div class=\"elementor-widget-container\">\n\t\t\t\t\t\t\t\t\t<p>Ese sue\u00f1o tom\u00f3 forma el <strong>8 de agosto de 2024<\/strong>, durante una reuni\u00f3n con la <strong>Dra. Alejandra Campos<\/strong>, cuando ambas reflexionaron sobre c\u00f3mo apoyar a los j\u00f3venes para que permanecieran en la escuela y culminaran sus estudios con \u00e9xito. De esa conversaci\u00f3n naci\u00f3 la <strong>Fundaci\u00f3n Linda Sosa<\/strong>, con el objetivo de ampliar el impacto y ofrecer oportunidades educativas a mayor escala.<\/p>\t\t\t\t\t\t\t\t<\/div>\n\t\t\t\t<\/div>\n\t\t\t\t\t<\/div>\n\t\t<\/div>\n\t\t\t\t\t<\/div>\n\t\t<\/section>\n\t\t\t\t<section class=\"elementor-section elementor-top-section elementor-element elementor-element-19125d8 elementor-section-boxed elementor-section-height-default elementor-section-height-default\" data-id=\"19125d8\" data-element_type=\"section\" data-e-type=\"section\" data-settings=\"{&quot;_ha_eqh_enable&quot;:false}\">\n\t\t\t\t\t\t<div class=\"elementor-container elementor-column-gap-default\">\n\t\t\t\t\t<div class=\"elementor-column elementor-col-100 elementor-top-column elementor-element elementor-element-b0fae34\" data-id=\"b0fae34\" data-element_type=\"column\" data-e-type=\"column\">\n\t\t\t<div class=\"elementor-widget-wrap elementor-element-populated\">\n\t\t\t\t\t\t<div class=\"elementor-element elementor-element-7b60c52 elementor-widget elementor-widget-heading\" data-id=\"7b60c52\" data-element_type=\"widget\" data-e-type=\"widget\" data-widget_type=\"heading.default\">\n\t\t\t\t<div class=\"elementor-widget-container\">\n\t\t\t\t\t<h2 class=\"elementor-heading-title elementor-size-default\">Un legado en la educaci\u00f3n<\/h2>\t\t\t\t<\/div>\n\t\t\t\t<\/div>\n\t\t\t\t<div class=\"elementor-element elementor-element-e94d5f9 elementor-widget-divider--view-line elementor-widget elementor-widget-divider\" data-id=\"e94d5f9\" data-element_type=\"widget\" data-e-type=\"widget\" data-widget_type=\"divider.default\">\n\t\t\t\t<div class=\"elementor-widget-container\">\n\t\t\t\t\t\t\t<div class=\"elementor-divider\">\n\t\t\t<span class=\"elementor-divider-separator\">\n\t\t\t\t\t\t<\/span>\n\t\t<\/div>\n\t\t\t\t\t\t<\/div>\n\t\t\t\t<\/div>\n\t\t\t\t\t<\/div>\n\t\t<\/div>\n\t\t\t\t\t<\/div>\n\t\t<\/section>\n\t\t\t\t<section class=\"elementor-section elementor-top-section elementor-element elementor-element-e3c9210 elementor-section-boxed elementor-section-height-default elementor-section-height-default\" data-id=\"e3c9210\" data-element_type=\"section\" data-e-type=\"section\" data-settings=\"{&quot;_ha_eqh_enable&quot;:false}\">\n\t\t\t\t\t\t<div class=\"elementor-container elementor-column-gap-default\">\n\t\t\t\t\t<div class=\"elementor-column elementor-col-100 elementor-top-column elementor-element elementor-element-17faf7f\" data-id=\"17faf7f\" data-element_type=\"column\" data-e-type=\"column\">\n\t\t\t<div class=\"elementor-widget-wrap elementor-element-populated\">\n\t\t\t\t\t\t<div class=\"elementor-element elementor-element-71fdae5 elementor-widget elementor-widget-text-editor\" data-id=\"71fdae5\" data-element_type=\"widget\" data-e-type=\"widget\" data-widget_type=\"text-editor.default\">\n\t\t\t\t<div class=\"elementor-widget-container\">\n\t\t\t\t\t\t\t\t\t<p>La Fundaci\u00f3n Linda Sosa es una organizaci\u00f3n sin fines de lucro dedicada a otorgar <strong>asesorias<\/strong>, <strong>becas educativas, programas de mentor\u00eda y recursos formativos<\/strong> para ni\u00f1os y j\u00f3venes. Su misi\u00f3n es clara: mejorar la calidad de vida a trav\u00e9s de una educaci\u00f3n integral que permita a los estudiantes alcanzar su m\u00e1ximo potencial.<\/p><p>Para Linda, la educaci\u00f3n no solo se trata de adquirir conocimientos acad\u00e9micos, sino tambi\u00e9n de formar personas con valores s\u00f3lidos, car\u00e1cter noble y habilidades blandas que les permitan desenvolverse con \u00e9xito en cualquier \u00e1mbito.<\/p>\t\t\t\t\t\t\t\t<\/div>\n\t\t\t\t<\/div>\n\t\t\t\t\t<\/div>\n\t\t<\/div>\n\t\t\t\t\t<\/div>\n\t\t<\/section>\n\t\t\t\t<section class=\"elementor-section elementor-top-section elementor-element elementor-element-a4aeaa9 elementor-section-boxed elementor-section-height-default elementor-section-height-default\" data-id=\"a4aeaa9\" data-element_type=\"section\" data-e-type=\"section\" data-settings=\"{&quot;_ha_eqh_enable&quot;:false}\">\n\t\t\t\t\t\t<div class=\"elementor-container elementor-column-gap-default\">\n\t\t\t\t\t<div class=\"elementor-column elementor-col-100 elementor-top-column elementor-element elementor-element-f0696d9\" data-id=\"f0696d9\" data-element_type=\"column\" data-e-type=\"column\">\n\t\t\t<div class=\"elementor-widget-wrap elementor-element-populated\">\n\t\t\t\t\t\t<div class=\"elementor-element elementor-element-fca6625 elementor-widget elementor-widget-text-editor\" data-id=\"fca6625\" data-element_type=\"widget\" data-e-type=\"widget\" data-widget_type=\"text-editor.default\">\n\t\t\t\t<div class=\"elementor-widget-container\">\n\t\t\t\t\t\t\t\t\t<p>\u201cEl intelecto es fundamental, pero la bondad y la capacidad de relacionarnos con los dem\u00e1s son igualmente esenciales para generar un cambio real en el mundo.\u201d<\/p>\t\t\t\t\t\t\t\t<\/div>\n\t\t\t\t<\/div>\n\t\t\t\t\t<\/div>\n\t\t<\/div>\n\t\t\t\t\t<\/div>\n\t\t<\/section>\n\t\t\t\t<section class=\"elementor-section elementor-top-section elementor-element elementor-element-4d3fa11 elementor-section-boxed elementor-section-height-default elementor-section-height-default\" data-id=\"4d3fa11\" data-element_type=\"section\" data-e-type=\"section\" data-settings=\"{&quot;_ha_eqh_enable&quot;:false}\">\n\t\t\t\t\t\t<div class=\"elementor-container elementor-column-gap-default\">\n\t\t\t\t\t<div class=\"elementor-column elementor-col-100 elementor-top-column elementor-element elementor-element-7fe15a6\" data-id=\"7fe15a6\" data-element_type=\"column\" data-e-type=\"column\">\n\t\t\t<div class=\"elementor-widget-wrap elementor-element-populated\">\n\t\t\t\t\t\t<div class=\"elementor-element elementor-element-126d964 elementor-widget elementor-widget-text-editor\" data-id=\"126d964\" data-element_type=\"widget\" data-e-type=\"widget\" data-widget_type=\"text-editor.default\">\n\t\t\t\t<div class=\"elementor-widget-container\">\n\t\t\t\t\t\t\t\t\t<p>Adem\u00e1s, la fundaci\u00f3n promueve el aprendizaje del <strong>idioma ingl\u00e9s<\/strong>, reconociendo que el idioma no debe ser una barrera para el desarrollo personal y profesional de los j\u00f3venes.<\/p>\t\t\t\t\t\t\t\t<\/div>\n\t\t\t\t<\/div>\n\t\t\t\t<div class=\"elementor-element elementor-element-6ea7f97 elementor-widget-divider--view-line elementor-widget elementor-widget-divider\" data-id=\"6ea7f97\" data-element_type=\"widget\" data-e-type=\"widget\" data-widget_type=\"divider.default\">\n\t\t\t\t<div class=\"elementor-widget-container\">\n\t\t\t\t\t\t\t<div class=\"elementor-divider\">\n\t\t\t<span class=\"elementor-divider-separator\">\n\t\t\t\t\t\t<\/span>\n\t\t<\/div>\n\t\t\t\t\t\t<\/div>\n\t\t\t\t<\/div>\n\t\t\t\t\t<\/div>\n\t\t<\/div>\n\t\t\t\t\t<\/div>\n\t\t<\/section>\n\t\t\t\t<section class=\"elementor-section elementor-top-section elementor-element elementor-element-3989915 elementor-section-boxed elementor-section-height-default elementor-section-height-default\" data-id=\"3989915\" data-element_type=\"section\" data-e-type=\"section\" data-settings=\"{&quot;_ha_eqh_enable&quot;:false}\">\n\t\t\t\t\t\t<div class=\"elementor-container elementor-column-gap-default\">\n\t\t\t\t\t<div class=\"elementor-column elementor-col-100 elementor-top-column elementor-element elementor-element-b7083ce\" data-id=\"b7083ce\" data-element_type=\"column\" data-e-type=\"column\">\n\t\t\t<div class=\"elementor-widget-wrap elementor-element-populated\">\n\t\t\t\t\t\t<div class=\"elementor-element elementor-element-a7a85ce elementor-widget elementor-widget-image\" data-id=\"a7a85ce\" data-element_type=\"widget\" data-e-type=\"widget\" data-widget_type=\"image.default\">\n\t\t\t\t<div class=\"elementor-widget-container\">\n\t\t\t\t\t\t\t\t\t\t\t\t\t\t\t<img decoding=\"async\" src=\"https:\/\/lindasosafoundation.org\/wp-content\/plugins\/elementor\/assets\/images\/placeholder.png\" title=\"\" alt=\"\" loading=\"lazy\" \/>\t\t\t\t\t\t\t\t\t\t\t\t\t\t\t<\/div>\n\t\t\t\t<\/div>\n\t\t\t\t<div class=\"elementor-element elementor-element-44abc30 elementor-widget elementor-widget-heading\" data-id=\"44abc30\" data-element_type=\"widget\" data-e-type=\"widget\" data-widget_type=\"heading.default\">\n\t\t\t\t<div class=\"elementor-widget-container\">\n\t\t\t\t\t<h2 class=\"elementor-heading-title elementor-size-default\">Liderazgo comunitario y compromiso social<\/h2>\t\t\t\t<\/div>\n\t\t\t\t<\/div>\n\t\t\t\t\t<\/div>\n\t\t<\/div>\n\t\t\t\t\t<\/div>\n\t\t<\/section>\n\t\t\t\t<section class=\"elementor-section elementor-top-section elementor-element elementor-element-f317048 elementor-section-boxed elementor-section-height-default elementor-section-height-default\" data-id=\"f317048\" data-element_type=\"section\" data-e-type=\"section\" data-settings=\"{&quot;_ha_eqh_enable&quot;:false}\">\n\t\t\t\t\t\t<div class=\"elementor-container elementor-column-gap-default\">\n\t\t\t\t\t<div class=\"elementor-column elementor-col-50 elementor-top-column elementor-element elementor-element-d6e637b\" data-id=\"d6e637b\" data-element_type=\"column\" data-e-type=\"column\">\n\t\t\t<div class=\"elementor-widget-wrap elementor-element-populated\">\n\t\t\t\t\t\t<div class=\"elementor-element elementor-element-16a85d9 elementor-widget elementor-widget-text-editor\" data-id=\"16a85d9\" data-element_type=\"widget\" data-e-type=\"widget\" data-widget_type=\"text-editor.default\">\n\t\t\t\t<div class=\"elementor-widget-container\">\n\t\t\t\t\t\t\t\t\t<p>M\u00e1s all\u00e1 de su labor en la fundaci\u00f3n, Linda Sosa ha liderado e impulsado diversas iniciativas comunitarias en Denver y a nivel internacional, entre las que destacan:<\/p><p><strong>Jornadas de vacunaci\u00f3n en la Iglesia San Cayetano<\/strong>, promoviendo el acceso a la salud y el bienestar comunitario.<\/p><p>Dia del ni\u00f1o, pionera en la celebracion del dia del ni\u00f1o en Denver, logrando que cientos de ni\u00f1os disfruten de una celebracion cultural, artistica y de las donaciones de juguetes.<\/p><p><strong>Celebraci\u00f3n del D\u00eda de Reyes<\/strong>, en colaboraci\u00f3n con Campos Law Firm, beneficiando a cientos de ni\u00f1os y familias con eventos que fomentaron la uni\u00f3n y la alegr\u00eda.<\/p>\t\t\t\t\t\t\t\t<\/div>\n\t\t\t\t<\/div>\n\t\t\t\t\t<\/div>\n\t\t<\/div>\n\t\t\t\t<div class=\"elementor-column elementor-col-50 elementor-top-column elementor-element elementor-element-3ea123d\" data-id=\"3ea123d\" data-element_type=\"column\" data-e-type=\"column\">\n\t\t\t<div class=\"elementor-widget-wrap elementor-element-populated\">\n\t\t\t\t\t\t<div class=\"elementor-element elementor-element-3d3cb6e elementor-widget elementor-widget-image\" data-id=\"3d3cb6e\" data-element_type=\"widget\" data-e-type=\"widget\" data-widget_type=\"image.default\">\n\t\t\t\t<div class=\"elementor-widget-container\">\n\t\t\t\t\t\t\t\t\t\t\t\t\t\t\t<img decoding=\"async\" src=\"https:\/\/lindasosafoundation.org\/wp-content\/plugins\/elementor\/assets\/images\/placeholder.png\" title=\"\" alt=\"\" loading=\"lazy\" \/>\t\t\t\t\t\t\t\t\t\t\t\t\t\t\t<\/div>\n\t\t\t\t<\/div>\n\t\t\t\t\t<\/div>\n\t\t<\/div>\n\t\t\t\t\t<\/div>\n\t\t<\/section>\n\t\t\t\t<section class=\"elementor-section elementor-top-section elementor-element elementor-element-75045ab elementor-section-boxed elementor-section-height-default elementor-section-height-default\" data-id=\"75045ab\" data-element_type=\"section\" data-e-type=\"section\" data-settings=\"{&quot;_ha_eqh_enable&quot;:false}\">\n\t\t\t\t\t\t<div class=\"elementor-container elementor-column-gap-default\">\n\t\t\t\t\t<div class=\"elementor-column elementor-col-100 elementor-top-column elementor-element elementor-element-5c0c3a4\" data-id=\"5c0c3a4\" data-element_type=\"column\" data-e-type=\"column\">\n\t\t\t<div class=\"elementor-widget-wrap elementor-element-populated\">\n\t\t\t\t\t\t<div class=\"elementor-element elementor-element-74a3ba9 elementor-widget elementor-widget-text-editor\" data-id=\"74a3ba9\" data-element_type=\"widget\" data-e-type=\"widget\" data-widget_type=\"text-editor.default\">\n\t\t\t\t<div class=\"elementor-widget-container\">\n\t\t\t\t\t\t\t\t\t<p><strong>Apoyo humanitario durante el Hurac\u00e1n Mitch (1998)<\/strong>, organizando campa\u00f1as de recaudaci\u00f3n de fondos y env\u00edo de ayuda a comunidades afectadas en Centroam\u00e9rica.<\/p><p><strong>Proclamaci\u00f3n del \u201cD\u00eda de Linda Sosa\u201d por la ciudad de Denver<\/strong>, en reconocimiento a su impacto positivo en las \u00e1reas de educaci\u00f3n, salud y bienestar social.<\/p><p>\u00a0<\/p>\t\t\t\t\t\t\t\t<\/div>\n\t\t\t\t<\/div>\n\t\t\t\t<div class=\"elementor-element elementor-element-60a16b4 elementor-widget elementor-widget-heading\" data-id=\"60a16b4\" data-element_type=\"widget\" data-e-type=\"widget\" data-widget_type=\"heading.default\">\n\t\t\t\t<div class=\"elementor-widget-container\">\n\t\t\t\t\t<h2 class=\"elementor-heading-title elementor-size-default\">Un modelo de liderazgo y confianza<\/h2>\t\t\t\t<\/div>\n\t\t\t\t<\/div>\n\t\t\t\t\t<\/div>\n\t\t<\/div>\n\t\t\t\t\t<\/div>\n\t\t<\/section>\n\t\t\t\t<section class=\"elementor-section elementor-top-section elementor-element elementor-element-264ccdb elementor-section-boxed elementor-section-height-default elementor-section-height-default\" data-id=\"264ccdb\" data-element_type=\"section\" data-e-type=\"section\" data-settings=\"{&quot;_ha_eqh_enable&quot;:false}\">\n\t\t\t\t\t\t<div class=\"elementor-container elementor-column-gap-default\">\n\t\t\t\t\t<div class=\"elementor-column elementor-col-50 elementor-top-column elementor-element elementor-element-1d70e86\" data-id=\"1d70e86\" data-element_type=\"column\" data-e-type=\"column\">\n\t\t\t<div class=\"elementor-widget-wrap elementor-element-populated\">\n\t\t\t\t\t\t<div class=\"elementor-element elementor-element-cda91f3 elementor-widget elementor-widget-text-editor\" data-id=\"cda91f3\" data-element_type=\"widget\" data-e-type=\"widget\" data-widget_type=\"text-editor.default\">\n\t\t\t\t<div class=\"elementor-widget-container\">\n\t\t\t\t\t\t\t\t\t<p>Linda Sosa es un ejemplo de perseverancia, generosidad y visi\u00f3n. Su capacidad para movilizar recursos, construir alianzas y generar resultados tangibles ha consolidado su reputaci\u00f3n como una l\u00edder confiable y comprometida con el cambio social.<\/p>\t\t\t\t\t\t\t\t<\/div>\n\t\t\t\t<\/div>\n\t\t\t\t<div class=\"elementor-element elementor-element-ce8143d elementor-widget elementor-widget-heading\" data-id=\"ce8143d\" data-element_type=\"widget\" data-e-type=\"widget\" data-widget_type=\"heading.default\">\n\t\t\t\t<div class=\"elementor-widget-container\">\n\t\t\t\t\t<h2 class=\"elementor-heading-title elementor-size-default\">Nuestra historia contin\u00faa<\/h2>\t\t\t\t<\/div>\n\t\t\t\t<\/div>\n\t\t\t\t<div class=\"elementor-element elementor-element-3b68c83 elementor-widget elementor-widget-text-editor\" data-id=\"3b68c83\" data-element_type=\"widget\" data-e-type=\"widget\" data-widget_type=\"text-editor.default\">\n\t\t\t\t<div class=\"elementor-widget-container\">\n\t\t\t\t\t\t\t\t\t<p>Hoy, la Fundaci\u00f3n Linda Sosa contin\u00faa desarrollando iniciativas como programas educativos, becas, brigadas comunitarias y acciones de apoyo ante emergencias, siempre con un mismo objetivo: <strong>crear oportunidades reales para que ni\u00f1os y j\u00f3venes puedan so\u00f1ar, crecer y alcanzar un futuro mejor a trav\u00e9s de la educaci\u00f3n<\/strong>.<\/p>\t\t\t\t\t\t\t\t<\/div>\n\t\t\t\t<\/div>\n\t\t\t\t\t<\/div>\n\t\t<\/div>\n\t\t\t\t<div class=\"elementor-column elementor-col-50 elementor-top-column elementor-element elementor-element-a4e775f\" data-id=\"a4e775f\" data-element_type=\"column\" data-e-type=\"column\">\n\t\t\t<div class=\"elementor-widget-wrap elementor-element-populated\">\n\t\t\t\t\t\t<div class=\"elementor-element elementor-element-0680faf elementor-widget elementor-widget-image\" data-id=\"0680faf\" data-element_type=\"widget\" data-e-type=\"widget\" data-widget_type=\"image.default\">\n\t\t\t\t<div class=\"elementor-widget-container\">\n\t\t\t\t\t\t\t\t\t\t\t\t\t\t\t<img decoding=\"async\" src=\"https:\/\/lindasosafoundation.org\/wp-content\/plugins\/elementor\/assets\/images\/placeholder.png\" title=\"\" alt=\"\" loading=\"lazy\" \/>\t\t\t\t\t\t\t\t\t\t\t\t\t\t\t<\/div>\n\t\t\t\t<\/div>\n\t\t\t\t\t<\/div>\n\t\t<\/div>\n\t\t\t\t\t<\/div>\n\t\t<\/section>\n\t\t\t\t<\/div>","protected":false},"excerpt":{"rendered":"<p>Linda Sosa: Liderazgo, Vocaci\u00f3n y Compromiso con la Educaci\u00f3n Linda Sosa es una destacada l\u00edder comunitaria en Denver, reconocida por su vocaci\u00f3n de servicio y su compromiso inquebrantable con la educaci\u00f3n y el bienestar social. Originaria de M\u00e9xico, desde temprana edad demostr\u00f3 un profundo sentido de responsabilidad y solidaridad. Creci\u00f3 en una familia numerosa, donde [&hellip;]<\/p>","protected":false},"author":11,"featured_media":0,"parent":0,"menu_order":0,"comment_status":"closed","ping_status":"closed","template":"","meta":{"_acf_changed":false,"footnotes":""},"class_list":["post-21909","page","type-page","status-publish","hentry","entry"],"acf":[],"yoast_head":"<!-- This site is optimized with the Yoast SEO Premium plugin v23.5 (Yoast SEO v27.5) - https:\/\/yoast.com\/product\/yoast-seo-premium-wordpress\/ -->\n<title>Nuestra historia - lindasosafoundation.org<\/title>\n<meta name=\"robots\" content=\"index, follow, max-snippet:-1, max-image-preview:large, max-video-preview:-1\" \/>\n<link rel=\"canonical\" href=\"https:\/\/lindasosafoundation.org\/en\/nuestra-historia\/\" \/>\n<meta property=\"og:locale\" content=\"en_US\" \/>\n<meta property=\"og:type\" content=\"article\" \/>\n<meta property=\"og:title\" content=\"Nuestra historia - lindasosafoundation.org\" \/>\n<meta property=\"og:description\" content=\"Linda Sosa: Liderazgo, Vocaci\u00f3n y Compromiso con la Educaci\u00f3n Linda Sosa es una destacada l\u00edder comunitaria en Denver, reconocida por su vocaci\u00f3n de servicio y su compromiso inquebrantable con la educaci\u00f3n y el bienestar social. Originaria de M\u00e9xico, desde temprana edad demostr\u00f3 un profundo sentido de responsabilidad y solidaridad. Creci\u00f3 en una familia numerosa, donde [&hellip;]\" \/>\n<meta property=\"og:url\" content=\"https:\/\/lindasosafoundation.org\/en\/nuestra-historia\/\" \/>\n<meta property=\"og:site_name\" content=\"lindasosafoundation.org\" \/>\n<meta property=\"article:modified_time\" content=\"2026-02-13T13:51:26+00:00\" \/>\n<meta property=\"og:image\" content=\"https:\/\/lindasosafoundation.org\/wp-content\/plugins\/elementor\/assets\/images\/placeholder.png\" \/>\n<meta name=\"twitter:card\" content=\"summary_large_image\" \/>\n<meta name=\"twitter:label1\" content=\"Est. reading time\" \/>\n\t<meta name=\"twitter:data1\" content=\"4 minutes\" \/>\n<script type=\"application\/ld+json\" class=\"yoast-schema-graph\">{\"@context\":\"https:\\\/\\\/schema.org\",\"@graph\":[{\"@type\":\"WebPage\",\"@id\":\"https:\\\/\\\/lindasosafoundation.org\\\/nuestra-historia\\\/\",\"url\":\"https:\\\/\\\/lindasosafoundation.org\\\/nuestra-historia\\\/\",\"name\":\"Nuestra historia - lindasosafoundation.org\",\"isPartOf\":{\"@id\":\"https:\\\/\\\/lindasosafoundation.org\\\/#website\"},\"primaryImageOfPage\":{\"@id\":\"https:\\\/\\\/lindasosafoundation.org\\\/nuestra-historia\\\/#primaryimage\"},\"image\":{\"@id\":\"https:\\\/\\\/lindasosafoundation.org\\\/nuestra-historia\\\/#primaryimage\"},\"thumbnailUrl\":\"https:\\\/\\\/lindasosafoundation.org\\\/wp-content\\\/plugins\\\/elementor\\\/assets\\\/images\\\/placeholder.png\",\"datePublished\":\"2026-02-13T13:28:15+00:00\",\"dateModified\":\"2026-02-13T13:51:26+00:00\",\"inLanguage\":\"en-US\",\"potentialAction\":[{\"@type\":\"ReadAction\",\"target\":[\"https:\\\/\\\/lindasosafoundation.org\\\/nuestra-historia\\\/\"]}]},{\"@type\":\"ImageObject\",\"inLanguage\":\"en-US\",\"@id\":\"https:\\\/\\\/lindasosafoundation.org\\\/nuestra-historia\\\/#primaryimage\",\"url\":\"https:\\\/\\\/lindasosafoundation.org\\\/wp-content\\\/plugins\\\/elementor\\\/assets\\\/images\\\/placeholder.png\",\"contentUrl\":\"https:\\\/\\\/lindasosafoundation.org\\\/wp-content\\\/plugins\\\/elementor\\\/assets\\\/images\\\/placeholder.png\"},{\"@type\":\"WebSite\",\"@id\":\"https:\\\/\\\/lindasosafoundation.org\\\/#website\",\"url\":\"https:\\\/\\\/lindasosafoundation.org\\\/\",\"name\":\"lindasosafoundation.org\",\"description\":\"\",\"publisher\":{\"@id\":\"https:\\\/\\\/lindasosafoundation.org\\\/#organization\"},\"potentialAction\":[{\"@type\":\"SearchAction\",\"target\":{\"@type\":\"EntryPoint\",\"urlTemplate\":\"https:\\\/\\\/lindasosafoundation.org\\\/?s={search_term_string}\"},\"query-input\":{\"@type\":\"PropertyValueSpecification\",\"valueRequired\":true,\"valueName\":\"search_term_string\"}}],\"inLanguage\":\"en-US\"},{\"@type\":\"Organization\",\"@id\":\"https:\\\/\\\/lindasosafoundation.org\\\/#organization\",\"name\":\"lindasosafoundation.org\",\"url\":\"https:\\\/\\\/lindasosafoundation.org\\\/\",\"logo\":{\"@type\":\"ImageObject\",\"inLanguage\":\"en-US\",\"@id\":\"https:\\\/\\\/lindasosafoundation.org\\\/#\\\/schema\\\/logo\\\/image\\\/\",\"url\":\"https:\\\/\\\/lindasosafoundation.org\\\/wp-content\\\/uploads\\\/2021\\\/06\\\/LINDA-SOSA-FUNDATION-BLUEDARK.png\",\"contentUrl\":\"https:\\\/\\\/lindasosafoundation.org\\\/wp-content\\\/uploads\\\/2021\\\/06\\\/LINDA-SOSA-FUNDATION-BLUEDARK.png\",\"width\":512,\"height\":512,\"caption\":\"lindasosafoundation.org\"},\"image\":{\"@id\":\"https:\\\/\\\/lindasosafoundation.org\\\/#\\\/schema\\\/logo\\\/image\\\/\"}}]}<\/script>\n<!-- \/ Yoast SEO Premium plugin. -->","yoast_head_json":{"title":"Nuestra historia - lindasosafoundation.org","robots":{"index":"index","follow":"follow","max-snippet":"max-snippet:-1","max-image-preview":"max-image-preview:large","max-video-preview":"max-video-preview:-1"},"canonical":"https:\/\/lindasosafoundation.org\/en\/nuestra-historia\/","og_locale":"en_US","og_type":"article","og_title":"Nuestra historia - lindasosafoundation.org","og_description":"Linda Sosa: Liderazgo, Vocaci\u00f3n y Compromiso con la Educaci\u00f3n Linda Sosa es una destacada l\u00edder comunitaria en Denver, reconocida por su vocaci\u00f3n de servicio y su compromiso inquebrantable con la educaci\u00f3n y el bienestar social. Originaria de M\u00e9xico, desde temprana edad demostr\u00f3 un profundo sentido de responsabilidad y solidaridad. Creci\u00f3 en una familia numerosa, donde [&hellip;]","og_url":"https:\/\/lindasosafoundation.org\/en\/nuestra-historia\/","og_site_name":"lindasosafoundation.org","article_modified_time":"2026-02-13T13:51:26+00:00","og_image":[{"url":"https:\/\/lindasosafoundation.org\/wp-content\/plugins\/elementor\/assets\/images\/placeholder.png","type":"","width":"","height":""}],"twitter_card":"summary_large_image","twitter_misc":{"Est. reading time":"4 minutes"},"schema":{"@context":"https:\/\/schema.org","@graph":[{"@type":"WebPage","@id":"https:\/\/lindasosafoundation.org\/nuestra-historia\/","url":"https:\/\/lindasosafoundation.org\/nuestra-historia\/","name":"Nuestra historia - lindasosafoundation.org","isPartOf":{"@id":"https:\/\/lindasosafoundation.org\/#website"},"primaryImageOfPage":{"@id":"https:\/\/lindasosafoundation.org\/nuestra-historia\/#primaryimage"},"image":{"@id":"https:\/\/lindasosafoundation.org\/nuestra-historia\/#primaryimage"},"thumbnailUrl":"https:\/\/lindasosafoundation.org\/wp-content\/plugins\/elementor\/assets\/images\/placeholder.png","datePublished":"2026-02-13T13:28:15+00:00","dateModified":"2026-02-13T13:51:26+00:00","inLanguage":"en-US","potentialAction":[{"@type":"ReadAction","target":["https:\/\/lindasosafoundation.org\/nuestra-historia\/"]}]},{"@type":"ImageObject","inLanguage":"en-US","@id":"https:\/\/lindasosafoundation.org\/nuestra-historia\/#primaryimage","url":"https:\/\/lindasosafoundation.org\/wp-content\/plugins\/elementor\/assets\/images\/placeholder.png","contentUrl":"https:\/\/lindasosafoundation.org\/wp-content\/plugins\/elementor\/assets\/images\/placeholder.png"},{"@type":"WebSite","@id":"https:\/\/lindasosafoundation.org\/#website","url":"https:\/\/lindasosafoundation.org\/","name":"lindasosafoundation.org","description":"","publisher":{"@id":"https:\/\/lindasosafoundation.org\/#organization"},"potentialAction":[{"@type":"SearchAction","target":{"@type":"EntryPoint","urlTemplate":"https:\/\/lindasosafoundation.org\/?s={search_term_string}"},"query-input":{"@type":"PropertyValueSpecification","valueRequired":true,"valueName":"search_term_string"}}],"inLanguage":"en-US"},{"@type":"Organization","@id":"https:\/\/lindasosafoundation.org\/#organization","name":"lindasosafoundation.org","url":"https:\/\/lindasosafoundation.org\/","logo":{"@type":"ImageObject","inLanguage":"en-US","@id":"https:\/\/lindasosafoundation.org\/#\/schema\/logo\/image\/","url":"https:\/\/lindasosafoundation.org\/wp-content\/uploads\/2021\/06\/LINDA-SOSA-FUNDATION-BLUEDARK.png","contentUrl":"https:\/\/lindasosafoundation.org\/wp-content\/uploads\/2021\/06\/LINDA-SOSA-FUNDATION-BLUEDARK.png","width":512,"height":512,"caption":"lindasosafoundation.org"},"image":{"@id":"https:\/\/lindasosafoundation.org\/#\/schema\/logo\/image\/"}}]}},"_links":{"self":[{"href":"https:\/\/lindasosafoundation.org\/en\/wp-json\/wp\/v2\/pages\/21909","targetHints":{"allow":["GET"]}}],"collection":[{"href":"https:\/\/lindasosafoundation.org\/en\/wp-json\/wp\/v2\/pages"}],"about":[{"href":"https:\/\/lindasosafoundation.org\/en\/wp-json\/wp\/v2\/types\/page"}],"author":[{"embeddable":true,"href":"https:\/\/lindasosafoundation.org\/en\/wp-json\/wp\/v2\/users\/11"}],"replies":[{"embeddable":true,"href":"https:\/\/lindasosafoundation.org\/en\/wp-json\/wp\/v2\/comments?post=21909"}],"version-history":[{"count":4,"href":"https:\/\/lindasosafoundation.org\/en\/wp-json\/wp\/v2\/pages\/21909\/revisions"}],"predecessor-version":[{"id":21914,"href":"https:\/\/lindasosafoundation.org\/en\/wp-json\/wp\/v2\/pages\/21909\/revisions\/21914"}],"wp:attachment":[{"href":"https:\/\/lindasosafoundation.org\/en\/wp-json\/wp\/v2\/media?parent=21909"}],"curies":[{"name":"wp","href":"https:\/\/api.w.org\/{rel}","templated":true}]}}